{"id":640,"date":"2022-02-28T12:53:22","date_gmt":"2022-02-28T11:53:22","guid":{"rendered":"https:\/\/active-oxygens-sustainability.evonik.com\/?post_type=glossar&#038;p=640"},"modified":"2022-05-13T08:41:59","modified_gmt":"2022-05-13T06:41:59","slug":"co2-fussabdruck-co2-footprint-carbon-footprint-oekologischer-fussabdruck-co2-bilanz","status":"publish","type":"glossar","link":"https:\/\/active-oxygens-sustainability.evonik.com\/de\/glossar\/co2-fussabdruck-co2-footprint-carbon-footprint-oekologischer-fussabdruck-co2-bilanz\/","title":{"rendered":"CO<sub>2<\/sub>-Fu\u00dfab\u00addruck, CO<sub>2<\/sub>-Foot\u00adprint, Carbon Foot\u00adprint, \u00f6kolo\u00adgi\u00adscher Fu\u00dfab\u00addruck, CO<sub>2<\/sub>-Bilanz"},"content":{"rendered":"<p>Dieser gibt die Menge von Kohlen\u00adstoff\u00addi\u00adoxid\u00ademis\u00adsio\u00adnen an, die direkt oder indi\u00adrekt verur\u00adsacht werden. Der Wert enth\u00e4lt \u2013 je nach Defi\u00adni\u00adtion \u2013 neben Kohlen\u00adstoff\u00addi\u00adoxid oft auch andere Treib\u00adhaus\u00adgase (zum Beispiel Methan oder Lach\u00adgas), die meis\u00adtens in Tonnen CO<sub>2<\/sub>-\u00c4qui\u00adva\u00adlent berech\u00adnet werden. Der Begriff l\u00e4sst sich unter ande\u00adrem auf Perso\u00adnen, Produkte, Unter\u00adneh\u00admen, Orga\u00adni\u00adsa\u00adtio\u00adnen und L\u00e4nder anwenden.<\/p>\n<p>Der CO<sub>2<\/sub>-Fu\u00dfab\u00addrucks eines Produkts (engl. Product Carbon Foot\u00adprint, PCF) betrach\u00adtet die Treib\u00adhaus\u00adgas\u00ademis\u00adsio\u00adnen entlang der gesam\u00adten Wert\u00adsch\u00f6p\u00adfungs\u00adkette. Weiter gefasst ist die Lebens\u00adzyklus\u00adana\u00adlyse (siehe <a class=\"hotspot\" href=\"#life-cycle-assessment-lca-lebenszyklusanalyse-oekobilanz\" rel=\"noopener\">Life Cycle Assess\u00adment, LCA<\/a>)<\/p>\n","protected":false},"excerpt":{"rendered":"<p>Dieser gibt die Menge von Kohlen\u00adstoff\u00addi\u00adoxid\u00ademis\u00adsio\u00adnen an, die direkt oder indi\u00adrekt verur\u00adsacht werden. Der Wert enth\u00e4lt \u2013 je nach Defi\u00adni\u00adtion \u2013 neben Kohlen\u00adstoff\u00addi\u00adoxid oft auch andere Treib\u00adhaus\u00adgase (zum Beispiel Methan oder Lach\u00adgas), die meis\u00adtens in Tonnen CO2-\u00c4qui\u00ad\u00adva\u00ad\u00adlent berech\u00adnet werden. Der Begriff l\u00e4sst sich unter ande\u00adrem auf Perso\u00adnen, Produkte, Unter\u00adneh\u00admen, Orga\u00adni\u00adsa\u00adtio\u00adnen und L\u00e4nder anwen\u00adden. Der CO2-Fu\u00dfab\u00ad\u00addrucks\u2026 <a href=\"https:\/\/active-oxygens-sustainability.evonik.com\/de\/glossar\/co2-fussabdruck-co2-footprint-carbon-footprint-oekologischer-fussabdruck-co2-bilanz\/\">Mehr<\/a><\/p>\n","protected":false},"featured_media":2615,"template":"","glossar-category":[],"acf":[],"yoast_head":"<!-- This site is optimized with the Yoast SEO plugin v21.0 - https:\/\/yoast.com\/wordpress\/plugins\/seo\/ -->\n<title>CO2-Fu\u00dfabdruck, CO2-Footprint, Carbon Footprint, \u00f6kologischer Fu\u00dfabdruck, CO2-Bilanz - Profilwerkstatt | Nachhaltigkeitsseite Active Oxygens<\/title>\n<meta name=\"robots\" content=\"noindex, follow\" \/>\n<meta property=\"og:locale\" content=\"de_DE\" \/>\n<meta property=\"og:type\" content=\"article\" \/>\n<meta property=\"og:title\" content=\"CO2-Fu\u00dfabdruck, CO2-Footprint, Carbon Footprint, \u00f6kologischer Fu\u00dfabdruck, CO2-Bilanz - Profilwerkstatt | Nachhaltigkeitsseite Active Oxygens\" \/>\n<meta property=\"og:description\" content=\"Dieser gibt die Menge von Kohlen\u00adstoff\u00addi\u00adoxid\u00ademis\u00adsio\u00adnen an, die direkt oder indi\u00adrekt verur\u00adsacht werden. Der Wert enth\u00e4lt \u2013 je nach Defi\u00adni\u00adtion \u2013 neben Kohlen\u00adstoff\u00addi\u00adoxid oft auch andere Treib\u00adhaus\u00adgase (zum Beispiel Methan oder Lach\u00adgas), die meis\u00adtens in Tonnen CO2-\u00c4qui\u00adva\u00adlent berech\u00adnet werden. Der Begriff l\u00e4sst sich unter ande\u00adrem auf Perso\u00adnen, Produkte, Unter\u00adneh\u00admen, Orga\u00adni\u00adsa\u00adtio\u00adnen und L\u00e4nder anwenden. Der CO2-Fu\u00dfab\u00addrucks&hellip; Mehr\" \/>\n<meta property=\"og:url\" content=\"https:\/\/active-oxygens-sustainability.evonik.com\/de\/glossar\/co2-fussabdruck-co2-footprint-carbon-footprint-oekologischer-fussabdruck-co2-bilanz\/\" \/>\n<meta property=\"og:site_name\" content=\"Profilwerkstatt | Nachhaltigkeitsseite Active Oxygens\" \/>\n<meta property=\"article:modified_time\" content=\"2022-05-13T06:41:59+00:00\" \/>\n<meta property=\"og:image\" content=\"https:\/\/active-oxygens-sustainability.evonik.com\/wp-content\/uploads\/Vorschaubild_Glossar_srgb.png\" \/>\n\t<meta property=\"og:image:width\" content=\"1920\" \/>\n\t<meta property=\"og:image:height\" content=\"1080\" \/>\n\t<meta property=\"og:image:type\" content=\"image\/png\" \/>\n<meta name=\"twitter:card\" content=\"summary_large_image\" \/>\n<meta name=\"twitter:label1\" content=\"Gesch\u00e4tzte Lesezeit\" \/>\n\t<meta name=\"twitter:data1\" content=\"1\u00a0Minute\" \/>\n<script type=\"application\/ld+json\" class=\"yoast-schema-graph\">{\"@context\":\"https:\/\/schema.org\",\"@graph\":[{\"@type\":\"WebPage\",\"@id\":\"https:\/\/active-oxygens-sustainability.evonik.com\/de\/glossar\/co2-fussabdruck-co2-footprint-carbon-footprint-oekologischer-fussabdruck-co2-bilanz\/\",\"url\":\"https:\/\/active-oxygens-sustainability.evonik.com\/de\/glossar\/co2-fussabdruck-co2-footprint-carbon-footprint-oekologischer-fussabdruck-co2-bilanz\/\",\"name\":\"CO2-Fu\u00dfabdruck, CO2-Footprint, Carbon Footprint, \u00f6kologischer Fu\u00dfabdruck, CO2-Bilanz - Profilwerkstatt | Nachhaltigkeitsseite Active Oxygens\",\"isPartOf\":{\"@id\":\"https:\/\/active-oxygens-sustainability.evonik.com\/de\/#website\"},\"datePublished\":\"2022-02-28T11:53:22+00:00\",\"dateModified\":\"2022-05-13T06:41:59+00:00\",\"breadcrumb\":{\"@id\":\"https:\/\/active-oxygens-sustainability.evonik.com\/de\/glossar\/co2-fussabdruck-co2-footprint-carbon-footprint-oekologischer-fussabdruck-co2-bilanz\/#breadcrumb\"},\"inLanguage\":\"de\",\"potentialAction\":[{\"@type\":\"ReadAction\",\"target\":[\"https:\/\/active-oxygens-sustainability.evonik.com\/de\/glossar\/co2-fussabdruck-co2-footprint-carbon-footprint-oekologischer-fussabdruck-co2-bilanz\/\"]}]},{\"@type\":\"BreadcrumbList\",\"@id\":\"https:\/\/active-oxygens-sustainability.evonik.com\/de\/glossar\/co2-fussabdruck-co2-footprint-carbon-footprint-oekologischer-fussabdruck-co2-bilanz\/#breadcrumb\",\"itemListElement\":[{\"@type\":\"ListItem\",\"position\":1,\"name\":\"Startseite\",\"item\":\"https:\/\/active-oxygens.evonik.com\/de\"},{\"@type\":\"ListItem\",\"position\":2,\"name\":\"CO2-Fu\u00dfabdruck, CO2-Footprint, Carbon Footprint, \u00f6kologischer Fu\u00dfabdruck, CO2-Bilanz\"}]},{\"@type\":\"WebSite\",\"@id\":\"https:\/\/active-oxygens-sustainability.evonik.com\/de\/#website\",\"url\":\"https:\/\/active-oxygens-sustainability.evonik.com\/de\/\",\"name\":\"Profilwerkstatt | Nachhaltigkeitsseite Active Oxygens\",\"description\":\"\",\"potentialAction\":[{\"@type\":\"SearchAction\",\"target\":{\"@type\":\"EntryPoint\",\"urlTemplate\":\"https:\/\/active-oxygens-sustainability.evonik.com\/de\/?s={search_term_string}\"},\"query-input\":\"required name=search_term_string\"}],\"inLanguage\":\"de\"}]}<\/script>\n<!-- \/ Yoast SEO plugin. -->","yoast_head_json":{"title":"CO2-Fu\u00dfabdruck, CO2-Footprint, Carbon Footprint, \u00f6kologischer Fu\u00dfabdruck, CO2-Bilanz - Profilwerkstatt | Nachhaltigkeitsseite Active Oxygens","robots":{"index":"noindex","follow":"follow"},"og_locale":"de_DE","og_type":"article","og_title":"CO2-Fu\u00dfabdruck, CO2-Footprint, Carbon Footprint, \u00f6kologischer Fu\u00dfabdruck, CO2-Bilanz - Profilwerkstatt | Nachhaltigkeitsseite Active Oxygens","og_description":"Dieser gibt die Menge von Kohlen\u00adstoff\u00addi\u00adoxid\u00ademis\u00adsio\u00adnen an, die direkt oder indi\u00adrekt verur\u00adsacht werden. Der Wert enth\u00e4lt \u2013 je nach Defi\u00adni\u00adtion \u2013 neben Kohlen\u00adstoff\u00addi\u00adoxid oft auch andere Treib\u00adhaus\u00adgase (zum Beispiel Methan oder Lach\u00adgas), die meis\u00adtens in Tonnen CO2-\u00c4qui\u00adva\u00adlent berech\u00adnet werden. Der Begriff l\u00e4sst sich unter ande\u00adrem auf Perso\u00adnen, Produkte, Unter\u00adneh\u00admen, Orga\u00adni\u00adsa\u00adtio\u00adnen und L\u00e4nder anwenden. Der CO2-Fu\u00dfab\u00addrucks&hellip; Mehr","og_url":"https:\/\/active-oxygens-sustainability.evonik.com\/de\/glossar\/co2-fussabdruck-co2-footprint-carbon-footprint-oekologischer-fussabdruck-co2-bilanz\/","og_site_name":"Profilwerkstatt | Nachhaltigkeitsseite Active Oxygens","article_modified_time":"2022-05-13T06:41:59+00:00","og_image":[{"width":1920,"height":1080,"url":"https:\/\/active-oxygens-sustainability.evonik.com\/wp-content\/uploads\/Vorschaubild_Glossar_srgb.png","type":"image\/png"}],"twitter_card":"summary_large_image","twitter_misc":{"Gesch\u00e4tzte Lesezeit":"1\u00a0Minute"},"schema":{"@context":"https:\/\/schema.org","@graph":[{"@type":"WebPage","@id":"https:\/\/active-oxygens-sustainability.evonik.com\/de\/glossar\/co2-fussabdruck-co2-footprint-carbon-footprint-oekologischer-fussabdruck-co2-bilanz\/","url":"https:\/\/active-oxygens-sustainability.evonik.com\/de\/glossar\/co2-fussabdruck-co2-footprint-carbon-footprint-oekologischer-fussabdruck-co2-bilanz\/","name":"CO2-Fu\u00dfabdruck, CO2-Footprint, Carbon Footprint, \u00f6kologischer Fu\u00dfabdruck, CO2-Bilanz - Profilwerkstatt | Nachhaltigkeitsseite Active Oxygens","isPartOf":{"@id":"https:\/\/active-oxygens-sustainability.evonik.com\/de\/#website"},"datePublished":"2022-02-28T11:53:22+00:00","dateModified":"2022-05-13T06:41:59+00:00","breadcrumb":{"@id":"https:\/\/active-oxygens-sustainability.evonik.com\/de\/glossar\/co2-fussabdruck-co2-footprint-carbon-footprint-oekologischer-fussabdruck-co2-bilanz\/#breadcrumb"},"inLanguage":"de","potentialAction":[{"@type":"ReadAction","target":["https:\/\/active-oxygens-sustainability.evonik.com\/de\/glossar\/co2-fussabdruck-co2-footprint-carbon-footprint-oekologischer-fussabdruck-co2-bilanz\/"]}]},{"@type":"BreadcrumbList","@id":"https:\/\/active-oxygens-sustainability.evonik.com\/de\/glossar\/co2-fussabdruck-co2-footprint-carbon-footprint-oekologischer-fussabdruck-co2-bilanz\/#breadcrumb","itemListElement":[{"@type":"ListItem","position":1,"name":"Startseite","item":"https:\/\/active-oxygens.evonik.com\/de"},{"@type":"ListItem","position":2,"name":"CO2-Fu\u00dfabdruck, CO2-Footprint, Carbon Footprint, \u00f6kologischer Fu\u00dfabdruck, CO2-Bilanz"}]},{"@type":"WebSite","@id":"https:\/\/active-oxygens-sustainability.evonik.com\/de\/#website","url":"https:\/\/active-oxygens-sustainability.evonik.com\/de\/","name":"Profilwerkstatt | Nachhaltigkeitsseite Active Oxygens","description":"","potentialAction":[{"@type":"SearchAction","target":{"@type":"EntryPoint","urlTemplate":"https:\/\/active-oxygens-sustainability.evonik.com\/de\/?s={search_term_string}"},"query-input":"required name=search_term_string"}],"inLanguage":"de"}]}},"info":{"title":"CO<sub>2<\/sub>-Fu\u00dfab\u00addruck, CO<sub>2<\/sub>-Foot\u00adprint, Carbon Foot\u00adprint, \u00f6kolo\u00adgi\u00adscher Fu\u00dfab\u00addruck, CO<sub>2<\/sub>-Bilanz","permalink":"https:\/\/active-oxygens-sustainability.evonik.com\/de\/glossar\/co2-fussabdruck-co2-footprint-carbon-footprint-oekologischer-fussabdruck-co2-bilanz\/"},"_links":{"self":[{"href":"https:\/\/active-oxygens-sustainability.evonik.com\/de\/wp-json\/wp\/v2\/glossar\/640"}],"collection":[{"href":"https:\/\/active-oxygens-sustainability.evonik.com\/de\/wp-json\/wp\/v2\/glossar"}],"about":[{"href":"https:\/\/active-oxygens-sustainability.evonik.com\/de\/wp-json\/wp\/v2\/types\/glossar"}],"wp:featuredmedia":[{"embeddable":true,"href":"https:\/\/active-oxygens-sustainability.evonik.com\/de\/wp-json\/wp\/v2\/media\/2615"}],"wp:attachment":[{"href":"https:\/\/active-oxygens-sustainability.evonik.com\/de\/wp-json\/wp\/v2\/media?parent=640"}],"wp:term":[{"taxonomy":"glossar-category","embeddable":true,"href":"https:\/\/active-oxygens-sustainability.evonik.com\/de\/wp-json\/wp\/v2\/glossar-category?post=640"}],"curies":[{"name":"wp","href":"https:\/\/api.w.org\/{rel}","templated":true}]}}